{"id":3,"date":"2021-02-26T13:17:21","date_gmt":"2021-02-26T12:17:21","guid":{"rendered":"https:\/\/dev.der-taenzer.net\/21-03-hoergeraete-schlegel\/?page_id=3"},"modified":"2021-10-26T09:46:49","modified_gmt":"2021-10-26T07:46:49","slug":"datenschutzerklaerung","status":"publish","type":"page","link":"https:\/\/hoergeraete-schlegel.de\/?page_id=3","title":{"rendered":"Datenschutzerkl\u00e4rung"},"content":{"rendered":"\t\t<div data-elementor-type=\"wp-page\" data-elementor-id=\"3\" class=\"elementor elementor-3\" data-elementor-settings=\"[]\">\r\n\t\t\t\t\t\t\t<div class=\"elementor-section-wrap\">\r\n\t\t\t\t\t\t\t<section class=\"elementor-section elementor-top-section elementor-element elementor-element-52f54a98 elementor-section-boxed elementor-section-height-default elementor-section-height-default\" data-id=\"52f54a98\" data-element_type=\"section\">\r\n\t\t\t\t\t\t<div class=\"elementor-container elementor-column-gap-default\">\r\n\t\t\t\t\t<div class=\"elementor-column elementor-col-100 elementor-top-column elementor-element elementor-element-1ce48a52\" data-id=\"1ce48a52\" data-element_type=\"column\">\r\n\t\t\t<div class=\"elementor-widget-wrap elementor-element-populated\">\r\n\t\t\t\t\t\t\t\t<div class=\"elementor-element elementor-element-82acaa2 elementor-widget elementor-widget-text-editor\" data-id=\"82acaa2\" data-element_type=\"widget\" data-widget_type=\"text-editor.default\">\r\n\t\t\t\t<div class=\"elementor-widget-container\">\r\n\t\t\t\t\t\t\t\t<h1 class=\"element-header \">Datenschutzerkl\u00e4rung<\/h1><h5>1. Name und Anschrift des Verantwortlichen<\/h5><p>Der Verantwortliche im Sinne der Datenschutz-Grundverordnung und anderer nationaler Datenschutzgesetze der Mitgliedsstaaten sowie sonstiger datenschutzrechtlicher Bestimmungen ist die:<\/p><p><span class=\"fontstyle0\"><strong>Susanne Schlegel<\/strong><br \/>H\u00f6rger\u00e4te Schlegel GmbH<br \/>Sonnenhof 1<br \/>07743 Jena<br \/><a class=\"l\" href=\"mailto:hoergeraete-schlegel@t-online.de\">hoergeraete-schlegel@t-online.de<\/a><\/span><\/p><p>2. Name und Anschrift des Datenschutzbeauftragten<br \/>Der Datenschutzbeauftragte des Verantwortlichen ist:<\/p><p><span class=\"fontstyle0\"><strong>Susanne Schlegel<\/strong><br \/>H\u00f6rger\u00e4te Schlegel GmbH<br \/>Sonnenhof 1<br \/>07743 Jena<\/span><\/p><p><span class=\"fontstyle0\"><a class=\"l\" href=\"mailto:hoergeraete-schlegel@t-online.de\">hoergeraete-schlegel@t-online.de<\/a><\/span><\/p><h5>3. Allgemeines zur Datenverarbeitung<\/h5><h6>3.1 Umfang der Verarbeitung personenbezogener Daten<\/h6><p>Wir verarbeiten personenbezogene Daten unserer Nutzer grunds\u00e4tzlich nur, soweit dies zur Bereitstellung einer funktionsf\u00e4higen Website sowie unserer Inhalte und Leistungen erforderlich ist. Die Verarbeitung<br \/>personenbezogener Daten unserer Nutzer erfolgt regelm\u00e4\u00dfig nur nach Einwilligung des Nutzers. Eine Ausnahme gilt in solchen F\u00e4llen, in denen die Verarbeitung der Daten durch gesetzliche Vorschriften<br \/>gestattet ist.<\/p><h6>3.2 Rechtsgrundlage f\u00fcr die Verarbeitung personenbezogener Daten<\/h6><p>Soweit wir f\u00fcr Verarbeitungsvorg\u00e4nge personenbezogener Daten eine Einwilligung der betroffenen Person einholen, dient Art. 6 Abs. 1 lit. a EU-Datenschutzgrundverordnung (DSGVO) als Rechtsgrundlage f\u00fcr die Verarbeitung personenbezogener Daten. Bei der Verarbeitung von personenbezogenen Daten, die zur Erf\u00fcllung eines Vertrages, dessen Vertragspartei die betroffene Person ist, erforderlich ist, dient Art. 6 Abs. 1 lit. b DSGVO als Rechtsgrundlage. Dies gilt auch f\u00fcr Verarbeitungsvorg\u00e4nge, die zur Durchf\u00fchrung vorvertraglicher Ma\u00dfnahmen erforderlich sind.<br \/>Soweit eine Verarbeitung personenbezogener Daten zur Erf\u00fcllung einer rechtlichen Verpflichtung erforderlich ist, der unser Unternehmen unterliegt, dient Art. 6 Abs. 1 lit. c DSGVO als Rechtsgrundlage. Ist die Verarbeitung zur Wahrung eines berechtigten Interesses unseres Unternehmens oder eines Dritten erforderlich und \u00fcberwiegen die Interessen, Grundrechte und Grundfreiheiten des Betroffenen das erstgenannte Interesse nicht, so dient Art. 6 Abs. 1 lit. f DSGVO als Rechtsgrundlage f\u00fcr die Verarbeitung.<\/p><p><strong>3.2.1 Datenl\u00f6schung und Speicherdauer<\/strong><br \/>Die personenbezogenen Daten der betroffenen Person werden gel\u00f6scht oder gesperrt, sobald der Zweck der Speicherung entf\u00e4llt. Eine Speicherung kann dar\u00fcber hinaus dann erfolgen, wenn dies durch den europ\u00e4ischen oder nationalen Gesetzgeber in unionsrechtlichen Verordnungen, Gesetzen oder sonstigen Vorschriften, denen der Verantwortliche unterliegt, vorgesehen wurde. Eine Sperrung oder L\u00f6schung der Daten erfolgt auch dann, wenn eine durch die genannten Normen vorgeschriebene Speicherfrist abl\u00e4uft, es sei denn, dass eine Erforderlichkeit zur weiteren Speicherung der Daten f\u00fcr einen Vertragsabschluss oder eine Vertragserf\u00fcllung besteht.<\/p><h5>4. Bereitstellung der Website und Erstellung von Logfiles<\/h5><h6>4.1 Beschreibung und Umfang der Datenverarbeitung<\/h6><p>Bei jedem Aufruf unserer Internetseite erfasst unser System automatisiert Daten und Informationen vom Computersystem des aufrufenden Rechners. Folgende Daten werden hierbei erhoben:<br \/>\u25aa Informationen \u00fcber den Browsertyp und die verwendete Version durch WordPress<br \/>\u25aa Das Betriebssystem des Nutzers durch WordPress<br \/>\u25aa Die IP-Adresse des Nutzers durch WordPress<br \/>\u25aa Datum und Uhrzeit des Zugriffs durch WordPress<br \/>\u25aa Websites, von denen das System des Nutzers auf die Internetseite gelangt durch WordPress<br \/>Die Daten werden ebenfalls in den Logfiles unseres Systems gespeichert. Eine Speicherung dieser Daten zusammen mit anderen personenbezogenen Daten des Nutzers findet nicht statt.<\/p><h6>4.2 Rechtsgrundlage f\u00fcr die Datenverarbeitung<\/h6><p>Rechtsgrundlage f\u00fcr die vor\u00fcbergehende Speicherung der Daten und der Logfiles ist Art. 6 Abs. 1 lit. f DSGVO.<\/p><h6>4.3 Zweck der Datenverarbeitung<\/h6><p>Die vor\u00fcbergehende Speicherung der IP-Adresse durch das System ist notwendig, um eine Auslieferung der Website an den Rechner des Nutzers zu erm\u00f6glichen. Hierf\u00fcr muss die IP-Adresse des Nutzers f\u00fcr die Dauer der Sitzung gespeichert bleiben. Die Speicherung in Logfiles erfolgt, um die Funktionsf\u00e4higkeit der Website sicherzustellen. Zudem dienen uns die Daten zur Optimierung der Website und zur Sicherstellung der Sicherheit unserer informationstechnischen Systeme. Eine Auswertung der Daten zu Marketingzwecken findet in diesem Zusammenhang nicht statt. In diesen Zwecken liegt auch unser berechtigtes Interesse an der Datenverarbeitung nach Art. 6 Abs. 1 lit. f DSGVO.<\/p><h6>4.4 Dauer der Speicherung<\/h6><p>Die Daten werden gel\u00f6scht, sobald sie f\u00fcr die Erreichung des Zweckes ihrer Erhebung nicht mehr erforderlich sind. Im Falle der Erfassung der Daten zur Bereitstellung der Website ist dies der Fall, wenn die jeweilige Sitzung beendet ist. Im Falle der Speicherung der Daten in Logfiles ist dies nach sp\u00e4testens sieben Tagen der Fall. Eine dar\u00fcberhinausgehende Speicherung ist m\u00f6glich. In diesem Fall werden die IP-Adressen der Nutzer gel\u00f6scht oder verfremdet, sodass eine Zuordnung des aufrufenden Clients nicht mehr m\u00f6glich ist.<\/p><h6>4.5 Widerspruchs- und Beseitigungsm\u00f6glichkeit<\/h6><p>Die Erfassung der Daten zur Bereitstellung der Website und die Speicherung der Daten in Logfiles ist f\u00fcr den Betrieb der Internetseite zwingend erforderlich. Es besteht folglich seitens des Nutzers keine Widerspruchsm\u00f6glichkeit.<\/p><h6>5. Verwendung von Cookies<\/h6><h6>5.1 Beschreibung und Umfang der Datenverarbeitung<\/h6><p>Unsere Webseite verwendet Cookies. Bei Cookies handelt es sich um Textdateien, die im Internetbrowser bzw. vom Internetbrowser auf dem Computersystem des Nutzers gespeichert werden. Ruft ein Nutzer eine Website auf, so kann ein Cookie auf dem Betriebssystem des Nutzers gespeichert werden. Dieser Cookie enth\u00e4lt eine charakteristische Zeichenfolge, die eine eindeutige Identifizierung des Browsers beim erneuten<br \/>Aufrufen der Website erm\u00f6glicht.<br \/>Wir setzen Cookies ein, um unsere Website nutzerfreundlicher zu gestalten. Einige Elemente unserer Internetseite erfordern es, dass der aufrufende Browser auch nach einem Seitenwechsel identifiziert werden kann.<br \/>In den Cookies werden dabei folgende Daten gespeichert und \u00fcbermittelt:<br \/>\u25aa die WordPress Session-ID<\/p><h6>5.2 Rechtsgrundlage f\u00fcr die Datenverarbeitung<\/h6><p>Die Rechtsgrundlage f\u00fcr die Verarbeitung personenbezogener Daten unter Verwendung von Cookies ist Art. 6 Abs. 1 lit. f DSGVO.<\/p><h6>5.3 Zweck der Datenverarbeitung<\/h6><p>Der Zweck der Verwendung technisch notwendiger Cookies ist, die Nutzung von Websites f\u00fcr die Nutzer zu vereinfachen. Einige Funktionen unserer Internetseite k\u00f6nnen ohne den Einsatz von Cookies nicht angeboten werden. F\u00fcr diese ist es erforderlich, dass der Browser auch nach einem Seitenwechsel wiedererkannt wird.<br \/>F\u00fcr folgende Anwendungen ben\u00f6tigen wir Cookies:<br \/>\u25aa Identifizierung der Nutzersession im Speicher des Servers<br \/>\u25aa Verhinderung von Angriffen auf den Server<br \/>\u25aa Speicherung der Information, dass der Nutzer die Datenschutzerkl\u00e4rung zur Kenntnis genommen hat<br \/>In diesen Zwecken liegt auch unser berechtigtes Interesse in der Verarbeitung der personenbezogenen Daten nach Art. 6 Abs. 1 lit. f DSGVO.<\/p><h6>5.4 Dauer der Speicherung, Widerspruchs- und Beseitigungsm\u00f6glichkeit<\/h6><p>Cookies werden auf dem Rechner des Nutzers gespeichert und von diesem an unserer Seite \u00fcbermittelt. Daher haben Sie als Nutzer auch die volle Kontrolle \u00fcber die Verwendung von Cookies. Durch eine \u00c4nderung der Einstellungen in Ihrem Internetbrowser k\u00f6nnen Sie die \u00dcbertragung von Cookies deaktivieren oder einschr\u00e4nken. Bereits gespeicherte Cookies k\u00f6nnen jederzeit gel\u00f6scht werden. Dies kann auch automatisiert erfolgen. Werden Cookies f\u00fcr unsere Website deaktiviert, k\u00f6nnen m\u00f6glicherweise nicht mehr alle Funktionen der Website.<\/p><h5>6. E-Mail-Kontakt<\/h5><h6>6.1 Beschreibung und Umfang der Datenverarbeitung<\/h6><p>Auf unserer Internetseite sind Buttons vorhanden mit denen eine Anfrage \u00fcber eine vorgefertigte Maske an uns geschickt werden kann. Nimmt ein Nutzer diese M\u00f6glichkeit wahr, so werden die in der E-Mail eingegeben Daten an uns \u00fcbermittelt und gespeichert. Diese Daten sind:<br \/>\u25aa Name<br \/>\u25aa Firma<br \/>\u25aa Adresse<br \/>\u25aa Land<br \/>\u25aa E-Mail-Adresse<br \/>\u25aa angefragtes Produkt<br \/>\u25aa Text der Anfrage<br \/>Alle Angaben sind freiwillig.<\/p><p>F\u00fcr die Verarbeitung der Daten wird im Rahmen des Absendevorgangs Ihre Einwilligung eingeholt und auf diese Datenschutzerkl\u00e4rung verwiesen. Es erfolgt in diesem Zusammenhang keine Weitergabe der Daten an Dritte. Die Daten werden ausschlie\u00dflich f\u00fcr die Verarbeitung der Konversation verwendet.<\/p><h6>6.2 Rechtsgrundlage f\u00fcr die Datenverarbeitung<\/h6><p>Rechtsgrundlage f\u00fcr die Verarbeitung der Daten ist bei Vorliegen einer Einwilligung des Nutzers Art. 6 Abs. 1 lit. a DSGVO. Rechtsgrundlage f\u00fcr die Verarbeitung der Daten, die im Zuge einer \u00dcbersendung einer E-Mail \u00fcbermittelt werden, ist Art. 6 Abs. 1 lit. f DSGVO. Zielt der E-Mail-Kontakt auf den Abschluss eines Vertrages ab, so ist zus\u00e4tzliche Rechtsgrundlage f\u00fcr die Verarbeitung Art. 6 Abs. 1 lit. b DSGVO.<\/p><h6>6.3 Zweck der Datenverarbeitung<\/h6><p>Die Verarbeitung der personenbezogenen Daten aus der E-Mail dient uns allein zur Bearbeitung der Kontaktaufnahme. Hieran liegt auch das erforderliche berechtigte Interesse an der Verarbeitung der Daten.<\/p><h6>6.4 Dauer der Speicherung<\/h6><p>Die Daten werden gel\u00f6scht, sobald sie f\u00fcr die Erreichung des Zweckes ihrer Erhebung nicht mehr erforderlich sind. F\u00fcr die personenbezogenen Daten die per E-Mail \u00fcbersandt wurden, ist dies dann der Fall, wenn die jeweilige Konversation mit dem Nutzer beendet ist. Beendet ist die Konversation dann, wenn sich aus den Umst\u00e4nden entnehmen l\u00e4sst, dass der betroffene Sachverhalt abschlie\u00dfend gekl\u00e4rt ist. Die w\u00e4hrend des Absendevorgangs zus\u00e4tzlich erhobenen personenbezogenen Daten werden sp\u00e4testens nach einer Frist von sieben Tagen gel\u00f6scht.<\/p><h6>6.5 Widerspruchs- und Beseitigungsm\u00f6glichkeit<\/h6><p>Der Nutzer hat jederzeit die M\u00f6glichkeit, seine Einwilligung zur Verarbeitung der personenbezogenen Daten zu widerrufen. Nimmt der Nutzer per E-Mail-Kontakt mit uns auf, so kann er der Speicherung seiner personenbezogenen Daten jederzeit widersprechen. In einem solchen Fall kann die Konversation nicht fortgef\u00fchrt werden. Alle personenbezogenen Daten, die im Zuge der Kontaktaufnahme gespeichert wurden, werden in diesem Fall gel\u00f6scht.<\/p><h5>7. Google Analytics<\/h5><h6>7.1 Beschreibung und Umfang der Datenverarbeitung<\/h6><p>Wir verwenden auf unserer Internetseite die Komponente Google Analytics. Google Analytics ist ein Web-Analyse-Dienst, der von Google Inc., 1600 Amphitheatre Pkwy, Mountain View, CA 94043-1351, USA. betrieben wird. Web-Analyse ist die Erhebung, Sammlung und Auswertung von Daten \u00fcber das Verhalten von Nutzern auf unserer Website. Ein Web-Analyse-Dienst erfasst unter anderem Daten dar\u00fcber, von welcher Internetseite der Nutzer auf eine Internetseite gekommen ist, auf welche Unterseiten derInternetseite zugegriffen oder wie oft und f\u00fcr welche Verweildauer eine Unterseite betrachtet wurde. Wir verwenden f\u00fcr die Web-Analyse \u00fcber Google Analytics den Zusatz &#8222;_gat._anonymizeIp&#8220;. Mittels dieses Zusatzes wird die IP-Adresse des Nutzers von Google gek\u00fcrzt und damit anonymisiert, wenn der Zugriff auf unsere Internetseiten aus einem Mitgliedstaat der Europ\u00e4ischen Union oder aus einem anderen Vertragsstaat des Abkommens \u00fcber den Europ\u00e4ischen Wirtschaftsraum erfolgt. Eine Zuordnung der gek\u00fcrzten Adresse zu einer bestimmten oder bestimmbaren Person ist dann nicht mehr m\u00f6glich. Google Analytics setzt ein Cookie auf dem Rechner des Nutzers. Mit Setzung des Cookies wird Google eine Analyse der Benutzung unserer Internetseite erm\u00f6glicht. Durch jeden Aufruf einer der Einzelseiten dieser Internetseite, wird der Internetbrowser auf dem Rechner des Nutzers automatisch durch die jeweilige Google-Analytics-Komponente veranlasst, Daten zum Zwecke der Online-Analyse an Google zu \u00fcbermitteln. Im Rahmen dieses technischen Verfahrens erh\u00e4lt Google Kenntnis \u00fcber personenbezogene Daten, wie der IP-Adresse der betroffenen Person, die Google unter anderem dazu dienen, die Herkunft der Besucher und Klicks nachzuvollziehen. Mittels des Cookies werden personenbezogene Daten, beispielsweise die Zugriffszeit, der Ort, von welchem ein Zugriff ausging und die H\u00e4ufigkeit der Besuche unserer Internetseite durch den Nutzer, gespeichert. Bei jedem Besuch unserer Internetseiten werden diese Daten, einschlie\u00dflich der IP-Adresse des von der betroffenen Person genutzten Internetanschlusses, an Google in den USA \u00fcbertragen. Diese personenbezogenen Daten werden durch Google in den USA auch gespeichert. Google gibt diese \u00fcber das technische Verfahren erhobenen personenbezogenen Daten unter Umst\u00e4nden an Dritte weiter.<\/p><h6>7.2 Rechtsgrundlage f\u00fcr die Datenverarbeitung<\/h6><p>Rechtsgrundlage f\u00fcr die Verarbeitung der Daten ist Art. 6 Abs. 1 lit. f DSGVO.<\/p><h6>7.3 Zweck der Datenverarbeitung<\/h6><p>Der Zweck des Einsatzes von Google-Analytics ist die Analyse der Besucherstr\u00f6me auf unserer Website. Google nutzt die gewonnenen Daten und Informationen dazu, die Nutzung unserer Internetseite auszuwerten, um f\u00fcr uns Online-Reports, welche die Aktivit\u00e4ten auf unseren Internetseiten aufzeigen, zusammenzustellen, und um weitere mit der Nutzung unserer Internetseite in Verbindung stehende Dienstleistungen zu erbringen. Dadurch wird uns erm\u00f6glicht, unsere Website weiter f\u00fcr den Nutzer zu optimieren.<br \/>In diesen Zwecken liegt auch unser berechtigtes Interesse in der Verarbeitung der personenbezogenen Daten nach Art. 6 Abs. 1 lit. f DSGVO.<\/p><h6>7.4 Dauer der Speicherung<\/h6><p>Die \u00fcber die Google Analytics gespeicherten Daten werden von uns nach Ablauf von 56 Wochen automatisch gel\u00f6scht.<\/p><h6>7.5 Widerspruchs- und Beseitigungsm\u00f6glichkeit<\/h6><p>Der Nutzer kann der Speicherung von Cookies durch unsere Internetseite, wie bereits dargelegt, jederzeit mittels einer entsprechenden Einstellung des genutzten Internetbrowsers verhindern und damit der Speicherung von Cookies dauerhaft widersprechen. Zudem kann ein von Google Analytics bereits gespeicherter Cookie jederzeit \u00fcber den Internetbrowser oder andere Softwareprogramme gel\u00f6scht werden. Ferner besteht f\u00fcr den Nutzer die M\u00f6glichkeit, einer Erfassung der durch Google Analytics erzeugten Daten sowie der Verarbeitung dieser Daten durch Google zu widersprechen und eine solche zu verhindern. Hierzu muss der Nutzer ein Browser-Add-On unter dem Link https:\/\/tools.google.com\/dlpage\/gaoptout herunterladen und installieren. Dieses Browser-Add-On teilt Google Analytics nach Installation automatisch mit, dass keine Daten und Informationen zu den Besuchen von Internetseiten des Nutzers an Google \u00fcbermittelt werden d\u00fcrfen. Die Installation des Browser-Add-Ons ist als Widerspruch zu werten. Wird das System des Nutzers in Zukunft gel\u00f6scht, formatiert und neu installiert, muss durch den Nutzer eine erneute Installation des Browser-Add-Ons erfolgen, um Google Analytics zu deaktivieren.<\/p><h6>7.6 Weitere Informationen<\/h6><p>Weitere Informationen und die geltenden Datenschutzbestimmungen von Google k\u00f6nnen unter <a class=\"l\" href=\"https:\/\/www.google.de\/intl\/de\/policies\/privacy\/\" target=\"_blank\" rel=\"noopener\">https:\/\/www.google.de\/intl\/de\/policies\/privacy\/<\/a> und unter <a class=\"l\" href=\"http:\/\/www.google.com\/analytics\/terms\/de.html\" target=\"_blank\" rel=\"noopener\">http:\/\/www.google.com\/analytics\/terms\/de.html<\/a> abgerufen werden. Google Analytics wird unter <a class=\"l\" href=\"https:\/\/www.google.com\/intl\/de_de\/analytics\/\" target=\"_blank\" rel=\"noopener\">https:\/\/www.google.com\/intl\/de_de\/analytics\/<\/a> genauer erl\u00e4utert.<\/p><h5>8. Verarbeitung der Daten in Staaten au\u00dferhalb des Europ\u00e4ischen Wirtschaftsraumes<\/h5><p>Sofern wir Daten in Drittl\u00e4ndern (L\u00e4nder au\u00dferhalb der EU\/ des EWR) verarbeiten oder an Gesellschaften in Drittl\u00e4ndern \u00fcbermitteln, veranlassen wir dies nur, sofern wir von Ihnen oder aufgrund Gesetzes dazu erm\u00e4chtigt sind. Sollte f\u00fcr das betroffene Drittland kein Angemessenheitsbeschluss der Kommission gem\u00e4\u00df Art. 45 DSGVO bestehen, also kein angemessenes Datenschutzniveau in dem Drittland bestehen, stellen wir \u00fcber vertragliche Regelungen (Standardvertragsklauseln der EU zum Datenschutz) oder sonstige geeignete Garantien im Sinne des Art 46 DSGVO sicher, dass Ihre Privatsph\u00e4re und Ihre personenbezogenen Daten in angemessener und gesetzliche vorgesehener Weise auch im Unternehmen im Drittland gesch\u00fctzt sind.<\/p><h5>9. Sicherheit Ihrer personenbezogenen Daten<\/h5><p>Die H\u00f6rger\u00e4te Schlegel GmbH setzt technische und organisatorische Sicherheitsma\u00dfnahmen ein, um Ihre<br \/>von uns erfassten personenbezogenen Daten gegen zuf\u00e4llige oder vors\u00e4tzliche Manipulationen, Verlust,<br \/>Zerst\u00f6rung oder gegen den Zugriff unberechtigter Personen zu sch\u00fctzen. Unsere Sicherheitsma\u00dfnahmen<br \/>werden entsprechend der technologischen Entwicklung fortlaufend verbessert.<\/p><h5>10. Rechte der betroffenen Person<\/h5><p>Werden personenbezogene Daten von Ihnen verarbeitet, stehen Ihnen als betroffene Person folgende Rechte gegen\u00fcber dem Verantwortlichen zu. Zur Geltendmachung Ihrer nachstehenden Rechte, wenden Sie sich bitte an:<br \/>H\u00f6rger\u00e4te Schlegel GmbH<br \/>Sonnenhof 1<br \/>07743 Jena<br \/>Telefon: 03641 6391797<br \/>Telefax: 03641 6391798<br \/>E-Mail: hoergeraete-schlegel@t-online.de<\/p><h6>10.1 Auskunftsrecht<\/h6><p>Sie k\u00f6nnen von dem Verantwortlichen eine Best\u00e4tigung dar\u00fcber verlangen, ob personenbezogene Daten, die Sie betreffen, von uns verarbeitet werden. Liegt eine solche Verarbeitung vor, k\u00f6nnen Sie von dem Verantwortlichen \u00fcber folgende Informationen Auskunft verlangen:<br \/>(1) die Zwecke, zu denen die personenbezogenen Daten verarbeitet werden;<br \/>(2) die Kategorien von personenbezogenen Daten, welche verarbeitet werden;<br \/>(3) die Empf\u00e4nger bzw. die Kategorien von Empf\u00e4ngern, gegen\u00fcber denen die Sie betreffenden personenbezogenen Daten offengelegt wurden oder noch offengelegt werden;<br \/>(4) die geplante Dauer der Speicherung der Sie betreffenden personenbezogenen Daten oder, falls konkrete Angaben hierzu nicht m\u00f6glich sind, Kriterien f\u00fcr die Festlegung der Speicherdauer;<br \/>(5) das Bestehen eines Rechts auf Berichtigung oder L\u00f6schung der Sie betreffenden personenbezogenen Daten, eines Rechts auf Einschr\u00e4nkung der Verarbeitung durch den Verantwortlichen oder eines Widerspruchsrechts gegen diese Verarbeitung;<br \/>(6) das Bestehen eines Beschwerderechts bei einer Aufsichtsbeh\u00f6rde;<br \/>(7) alle verf\u00fcgbaren Informationen \u00fcber die Herkunft der Daten, wenn die personenbezogenen Daten nicht bei der betroffenen Person erhoben werden;<br \/>(8) das Bestehen einer automatisierten Entscheidungsfindung einschlie\u00dflich Profiling gem\u00e4\u00df Art. 22 Abs. 1 und 4 DSGVO und \u2013 zumindest in diesen F\u00e4llen \u2013 aussagekr\u00e4ftige Informationen \u00fcber die involvierte Logik sowie die Tragweite und die angestrebten Auswirkungen einer derartigen Verarbeitung f\u00fcr die betroffene Person. Ihnen steht das Recht zu, Auskunft dar\u00fcber zu verlangen, ob die Sie betreffenden personenbezogenen Daten in ein Drittland oder an eine internationale Organisation \u00fcbermittelt werden. In diesem Zusammenhang k\u00f6nnen Sie verlangen, \u00fcber die geeigneten Garantien gem. Art. 46 DSGVO im Zusammenhang mit der \u00dcbermittlung unterrichtet zu werden.<\/p><h6>10.2 Recht auf Berichtigung<\/h6><p>Sie haben ein Recht auf Berichtigung und\/oder Vervollst\u00e4ndigung gegen\u00fcber dem Verantwortlichen, sofern die verarbeiteten personenbezogenen Daten, die Sie betreffen, unrichtig oder unvollst\u00e4ndig sind. Der Verantwortliche hat die Berichtigung unverz\u00fcglich vorzunehmen.<\/p><h6>10.3 Recht auf Einschr\u00e4nkung der Verarbeitung<\/h6><p>Unter den folgenden Voraussetzungen k\u00f6nnen Sie die Einschr\u00e4nkung der Verarbeitung der Sie betreffenden personenbezogenen Daten verlangen:<\/p><p>(1) wenn Sie die Richtigkeit der Sie betreffenden personenbezogenen Daten f\u00fcr eine Dauer bestreiten, die es dem Verantwortlichen erm\u00f6glicht, die Richtigkeit der personenbezogenen Daten zu \u00fcberpr\u00fcfen;<br \/>(2) die Verarbeitung unrechtm\u00e4\u00dfig ist und Sie die L\u00f6schung der personenbezogenen Daten ablehnen und stattdessen die Einschr\u00e4nkung der Nutzung der personenbezogenen Daten verlangen;<br \/>(3) der Verantwortliche die personenbezogenen Daten f\u00fcr die Zwecke der Verarbeitung nicht l\u00e4nger ben\u00f6tigt, Sie diese jedoch zur Geltendmachung, Aus\u00fcbung oder Verteidigung von Rechtsanspr\u00fcchen ben\u00f6tigen, oder<br \/>(4) wenn Sie Widerspruch gegen die Verarbeitung gem\u00e4\u00df Art. 21 Abs. 1 DSGVO eingelegt haben und noch nicht feststeht, ob die berechtigten Gr\u00fcnde des Verantwortlichen gegen\u00fcber Ihren Gr\u00fcnden \u00fcberwiegen.<br \/>Wurde die Verarbeitung der Sie betreffenden personenbezogenen Daten eingeschr\u00e4nkt, d\u00fcrfen diese Daten \u2013 von ihrer Speicherung abgesehen \u2013 nur mit Ihrer Einwilligung oder zur Geltendmachung, Aus\u00fcbung oder Verteidigung von Rechtsanspr\u00fcchen oder zum Schutz der Rechte einer anderen nat\u00fcrlichen oder juristischen Person oder aus Gr\u00fcnden eines wichtigen \u00f6ffentlichen Interesses der Union oder eines Mitgliedstaats verarbeitet werden.<br \/>Wurde die Verarbeitung nach den o.g. Voraussetzungen eingeschr\u00e4nkt, werden Sie von dem Verantwortlichen unterrichtet bevor die Einschr\u00e4nkung aufgehoben wird.<\/p><h6>10.4 Recht auf L\u00f6schung<\/h6><p><strong>10.4.1 L\u00f6schungspflicht<\/strong><br \/>Sie k\u00f6nnen von dem Verantwortlichen verlangen, dass die Sie betreffenden personenbezogenen Daten unverz\u00fcglich gel\u00f6scht werden, und der Verantwortliche ist verpflichtet, diese Daten unverz\u00fcglich zu l\u00f6schen, sofern einer der folgenden Gr\u00fcnde zutrifft:<br \/>(1) Die Sie betreffenden personenbezogenen Daten sind f\u00fcr die Zwecke, f\u00fcr die sie erhoben oder auf sonstige Weise verarbeitet wurden, nicht mehr notwendig.<br \/>(2) Sie widerrufen Ihre Einwilligung, auf die sich die Verarbeitung gem. Art. 6 Abs. 1 lit. a oder Art. 9 Abs. 2 lit. a DSGVO st\u00fctzte, und es fehlt an einer anderweitigen Rechtsgrundlage f\u00fcr die Verarbeitung.<br \/>(3) Sie legen gem. Art. 21 Abs. 1 DSGVO Widerspruch gegen die Verarbeitung ein und es liegen keine vorrangigen berechtigten Gr\u00fcnde f\u00fcr die Verarbeitung vor, oder Sie legen gem. Art. 21 Abs. 2 DSGVO Widerspruch gegen die Verarbeitung ein.<br \/>(4) Die Sie betreffenden personenbezogenen Daten wurden unrechtm\u00e4\u00dfig verarbeitet.<br \/>(5) Die L\u00f6schung der Sie betreffenden personenbezogenen Daten ist zur Erf\u00fcllung einer rechtlichen Verpflichtung nach dem Unionsrecht oder dem Recht der Mitgliedstaaten erforderlich, dem der Verantwortliche unterliegt.<br \/>(6) Die Sie betreffenden personenbezogenen Daten wurden in Bezug auf angebotene Dienste der Informationsgesellschaft gem\u00e4\u00df Art. 8 Abs. 1 DSGVO erhoben.<\/p><p><strong>10.4.2 Information an Dritte<\/strong><br \/>Hat der Verantwortliche die Sie betreffenden personenbezogenen Daten \u00f6ffentlich gemacht und ist er gem. Art. 17 Abs. 1 DSGVO zu deren L\u00f6schung verpflichtet. So trifft er unter Ber\u00fccksichtigung der verf\u00fcgbaren Technologie und der Implementierungskosten angemessene Ma\u00dfnahmen, auch technischer Art, um f\u00fcr die Datenverarbeitung Verantwortliche, die die personenbezogenen Daten verarbeiten, dar\u00fcber zu informieren, dass Sie als betroffene Person von ihnen die L\u00f6schung aller Links zu diesen personenbezogenen Daten oder von Kopien oder Replikationen dieser personenbezogenen Daten verlangt haben.<\/p><p><strong>10.4.3 Ausnahmen<\/strong><br \/>Das Recht auf L\u00f6schung besteht nicht, soweit die Verarbeitung erforderlich ist<br \/>(1) zur Aus\u00fcbung des Rechts auf freie Meinungs\u00e4u\u00dferung und Information;<br \/>(2) zur Erf\u00fcllung einer rechtlichen Verpflichtung, die die Verarbeitung nach dem Recht der Union oder der Mitgliedstaaten, dem der Verantwortliche unterliegt, erfordert, oder zur Wahrnehmung einer Aufgabe, die im \u00f6ffentlichen Interesse liegt oder in Aus\u00fcbung \u00f6ffentlicher Gewalt erfolgt, die dem Verantwortlichen \u00fcbertragen wurde;<br \/>(3) aus Gr\u00fcnden des \u00f6ffentlichen Interesses im Bereich der \u00f6ffentlichen Gesundheit gem\u00e4\u00df Art. 9 Abs. 2 lit. h und i sowie Art. 9 Abs. 3 DSGVO;<br \/>(4) f\u00fcr im \u00f6ffentlichen Interesse liegende Archivzwecke, wissenschaftliche oder historische Forschungszwecke oder f\u00fcr statistische Zwecke gem. Art. 89 Abs. 1 DSGVO, soweit das unter Abschnitt a) genannte Recht voraussichtlich die Verwirklichung der Ziele dieser Verarbeitung unm\u00f6glich macht oder ernsthaft beeintr\u00e4chtigt, oder<br \/>(5) zur Geltendmachung, Aus\u00fcbung oder Verteidigung von Rechtsanspr\u00fcchen.<\/p><h6>10.5 Recht auf Unterrichtung<\/h6><p>Haben Sie das Recht auf Berichtigung, L\u00f6schung oder Einschr\u00e4nkung der Verarbeitung gegen\u00fcber dem Verantwortlichen geltend gemacht, ist dieser verpflichtet, allen Empf\u00e4ngern, denen die Sie betreffenden personenbezogenen Daten offengelegt wurden, diese Berichtigung oder L\u00f6schung der Daten oder Einschr\u00e4nkung der Verarbeitung mitzuteilen, es sei denn, dies erweist sich als unm\u00f6glich oder ist mit einem unverh\u00e4ltnism\u00e4\u00dfigen Aufwand verbunden.<br \/>Ihnen steht gegen\u00fcber dem Verantwortlichen das Recht zu, \u00fcber diese Empf\u00e4nger unterrichtet zu werden.<\/p><h6>10.6 Recht auf Daten\u00fcbertragbarkeit<\/h6><p>Sie haben das Recht, die Sie betreffenden personenbezogenen Daten, die Sie dem Verantwortlichen bereitgestellt haben, in einem strukturierten, g\u00e4ngigen und maschinenlesbaren Format zu erhalten. Au\u00dferdem haben Sie das Recht diese Daten einem anderen Verantwortlichen ohne Behinderung durch den Verantwortlichen, dem die personenbezogenen Daten bereitgestellt wurden, zu \u00fcbermitteln, sofern<br \/>(1) die Verarbeitung auf einer Einwilligung gem. Art. 6 Abs. 1 lit. a DSGVO oder Art. 9 Abs. 2 lit. a DSGVO oder auf einem Vertrag gem. Art. 6 Abs. 1 lit. b DSGVO beruht und<br \/>(2) die Verarbeitung mithilfe automatisierter Verfahren erfolgt.<br \/>In Aus\u00fcbung dieses Rechts haben Sie ferner das Recht, zu erwirken, dass die Sie betreffenden personenbezogenen Daten direkt von einem Verantwortlichen einem anderen Verantwortlichen \u00fcbermittelt werden, soweit dies technisch machbar ist. Freiheiten und Rechte anderer Personen d\u00fcrfen hierdurch nicht beeintr\u00e4chtigt werden.<br \/>Das Recht auf Daten\u00fcbertragbarkeit gilt nicht f\u00fcr eine Verarbeitung personenbezogener Daten, die f\u00fcr die Wahrnehmung einer Aufgabe erforderlich ist, die im \u00f6ffentlichen Interesse liegt oder in Aus\u00fcbung \u00f6ffentlicher Gewalt erfolgt, die dem Verantwortlichen \u00fcbertragen wurde.<\/p><h6>10.7 Widerspruchsrecht<\/h6><p>Sie haben das Recht, aus Gr\u00fcnden, die sich aus ihrer besonderen Situation ergeben, jederzeit gegen die Verarbeitung der Sie betreffenden personenbezogenen Daten, die aufgrund von Art. 6 Abs. 1 lit. e oder f DSGVO erfolgt, Widerspruch einzulegen; dies gilt auch f\u00fcr ein auf diese Bestimmungen gest\u00fctztes Profiling. Der Verantwortliche verarbeitet die Sie betreffenden personenbezogenen Daten nicht mehr, es sei denn, er kann zwingende schutzw\u00fcrdige Gr\u00fcnde f\u00fcr die Verarbeitung nachweisen, die Ihre Interessen, Rechte und Freiheiten \u00fcberwiegen, oder die Verarbeitung dient der Geltendmachung, Aus\u00fcbung oder Verteidigung von Rechtsanspr\u00fcchen.<br \/>Werden die Sie betreffenden personenbezogenen Daten verarbeitet, um Direktwerbung zu betreiben, haben Sie das Recht, jederzeit Widerspruch gegen die Verarbeitung der Sie betreffenden personenbezogenen Daten zum Zwecke derartiger Werbung einzulegen; dies gilt auch f\u00fcr das Profiling, soweit es mit solcher Direktwerbung in Verbindung steht.<br \/>Widersprechen Sie der Verarbeitung f\u00fcr Zwecke der Direktwerbung, so werden die Sie betreffenden personenbezogenen Daten nicht mehr f\u00fcr diese Zwecke verarbeitet.<\/p><p>Sie haben die M\u00f6glichkeit, im Zusammenhang mit der Nutzung von Diensten der Informationsgesellschaft \u2013 ungeachtet der Richtlinie 2002\/58\/EG \u2013 Ihr Widerspruchsrecht mittels automatisierter Verfahren auszu\u00fcben, bei denen technische Spezifikationen verwendet werden.<\/p><h6>10.8 Recht auf Widerruf der datenschutzrechtlichen Einwilligungserkl\u00e4rung<\/h6><p>Sie haben das Recht, Ihre datenschutzrechtliche Einwilligungserkl\u00e4rung jederzeit zu widerrufen. Durch den Widerruf der Einwilligung wird die Rechtm\u00e4\u00dfigkeit der aufgrund der Einwilligung bis zum Widerruf erfolgten Verarbeitung nicht ber\u00fchrt.<\/p><h6>10.9 Automatisierte Entscheidung im Einzelfall einschlie\u00dflich Profiling<\/h6><p>Sie haben das Recht, nicht einer ausschlie\u00dflich auf einer automatisierten Verarbeitung \u2013 einschlie\u00dflich Profiling \u2013 beruhenden Entscheidung unterworfen zu werden, die Ihnen gegen\u00fcber rechtliche Wirkung entfaltet oder Sie in \u00e4hnlicher Weise erheblich beeintr\u00e4chtigt. Dies gilt nicht, wenn die Entscheidung<br \/>(1) f\u00fcr den Abschluss oder die Erf\u00fcllung eines Vertrags zwischen Ihnen und dem Verantwortlichen erforderlich ist,<br \/>(2) aufgrund von Rechtsvorschriften der Union oder der Mitgliedstaaten, denen der Verantwortliche unterliegt, zul\u00e4ssig ist und diese Rechtsvorschriften angemessene Ma\u00dfnahmen zur Wahrung Ihrer Rechte und Freiheiten sowie Ihrer berechtigten Interessen enthalten oder<br \/>(3) mit Ihrer ausdr\u00fccklichen Einwilligung erfolgt.<br \/>Allerdings d\u00fcrfen diese Entscheidungen nicht auf besonderen Kategorien personenbezogener Daten nach Art. 9 Abs. 1 DSGVO beruhen, sofern nicht Art. 9 Abs. 2 lit. a oder g gilt und angemessene Ma\u00dfnahmen zum Schutz der Rechte und Freiheiten sowie Ihrer berechtigten Interessen getroffen wurden.<br \/>Hinsichtlich der in (1) und (3) genannten F\u00e4lle trifft der Verantwortliche angemessene Ma\u00dfnahmen, um die Rechte und Freiheiten sowie Ihre berechtigten Interessen zu wahren, wozu mindestens das Recht auf Erwirkung des Eingreifens einer Person seitens des Verantwortlichen, auf Darlegung des eigenen Standpunkts und auf Anfechtung der Entscheidung geh\u00f6rt.<\/p><h6>10.10 Recht auf Beschwerde bei einer Aufsichtsbeh\u00f6rde<\/h6><p>Unbeschadet eines anderweitigen verwaltungsrechtlichen oder gerichtlichen Rechtsbehelfs steht Ihnen das Recht auf Beschwerde bei einer Aufsichtsbeh\u00f6rde, insbesondere in dem Mitgliedstaat ihres Aufenthaltsorts, ihres Arbeitsplatzes oder des Orts des mutma\u00dflichen Versto\u00dfes, zu, wenn Sie der Ansicht sind, dass die Verarbeitung der Sie betreffenden personenbezogenen Daten gegen die DSGVO verst\u00f6\u00dft.<br \/>Die Aufsichtsbeh\u00f6rde, bei der die Beschwerde eingereicht wurde, unterrichtet den Beschwerdef\u00fchrer \u00fcber den Stand und die Ergebnisse der Beschwerde einschlie\u00dflich der M\u00f6glichkeit eines gerichtlichen Rechtsbehelfs nach Art. 78 DSGVO.<\/p>\t\t\t\t\t\t<\/div>\r\n\t\t\t\t<\/div>\r\n\t\t\t\t\t<\/div>\r\n\t\t<\/div>\r\n\t\t\t\t\t\t\t<\/div>\r\n\t\t<\/section>\r\n\t\t\t\t\t\t<\/div>\r\n\t\t\t\t\t<\/div>\r\n\t\t","protected":false},"excerpt":{"rendered":"<p>Datenschutzerkl\u00e4rung 1. Name und Anschrift des Verantwortlichen Der Verantwortliche im Sinne der Datenschutz-Grundverordnung und anderer nationaler Datenschutzgesetze der Mitgliedsstaaten sowie sonstiger datenschutzrechtlicher Bestimmungen ist die: Susanne SchlegelH\u00f6rger\u00e4te Schlegel GmbHSonnenhof 107743 Jenahoergeraete-schlegel@t-online.de 2. Name und Anschrift des DatenschutzbeauftragtenDer Datenschutzbeauftragte des Verantwortlichen ist: Susanne SchlegelH\u00f6rger\u00e4te Schlegel GmbHSonnenhof 107743 Jena hoergeraete-schlegel@t-online.de 3. Allgemeines zur Datenverarbeitung 3.1 Umfang der [&hellip;]<\/p>\n","protected":false},"author":1,"featured_media":0,"parent":0,"menu_order":0,"comment_status":"closed","ping_status":"open","template":"","meta":[],"_links":{"self":[{"href":"https:\/\/hoergeraete-schlegel.de\/index.php?rest_route=\/wp\/v2\/pages\/3"}],"collection":[{"href":"https:\/\/hoergeraete-schlegel.de\/index.php?rest_route=\/wp\/v2\/pages"}],"about":[{"href":"https:\/\/hoergeraete-schlegel.de\/index.php?rest_route=\/wp\/v2\/types\/page"}],"author":[{"embeddable":true,"href":"https:\/\/hoergeraete-schlegel.de\/index.php?rest_route=\/wp\/v2\/users\/1"}],"replies":[{"embeddable":true,"href":"https:\/\/hoergeraete-schlegel.de\/index.php?rest_route=%2Fwp%2Fv2%2Fcomments&post=3"}],"version-history":[{"count":4,"href":"https:\/\/hoergeraete-schlegel.de\/index.php?rest_route=\/wp\/v2\/pages\/3\/revisions"}],"predecessor-version":[{"id":1268,"href":"https:\/\/hoergeraete-schlegel.de\/index.php?rest_route=\/wp\/v2\/pages\/3\/revisions\/1268"}],"wp:attachment":[{"href":"https:\/\/hoergeraete-schlegel.de\/index.php?rest_route=%2Fwp%2Fv2%2Fmedia&parent=3"}],"curies":[{"name":"wp","href":"https:\/\/api.w.org\/{rel}","templated":true}]}}